{"id":1585,"date":"2024-06-25T15:29:31","date_gmt":"2024-06-25T13:29:31","guid":{"rendered":"https:\/\/flamengi.cat\/?page_id=1585"},"modified":"2026-09-01T14:02:59","modified_gmt":"2026-09-01T12:02:59","slug":"programa","status":"publish","type":"page","link":"https:\/\/flamengi.cat\/es\/","title":{"rendered":"Programa"},"content":{"rendered":"<div id=\"fws_6a9bc41a1c8c9\"  data-column-margin=\"default\" data-midnight=\"dark\"  class=\"wpb_row vc_row-fluid vc_row full-width-section  bottom_margin_-10px scale_desktop_0-95\"  style=\"padding-top: 0px; padding-bottom: 0px; \"><div class=\"row-bg-wrap\" data-bg-animation=\"none\" data-bg-animation-delay=\"\" data-bg-overlay=\"false\"><div class=\"inner-wrap row-bg-layer\" ><div class=\"row-bg viewport-desktop\"  style=\"\"><\/div><\/div><\/div><div class=\"row_col_wrap_12 col span_12 dark left\">\n\t<div  class=\"vc_col-sm-12 wpb_column column_container vc_column_container col no-extra-padding inherit_tablet inherit_phone\"  data-padding-pos=\"all\" data-has-bg-color=\"false\" data-bg-color=\"\" data-bg-opacity=\"1\" data-animation=\"\" data-delay=\"0\" >\n\t\t<div class=\"vc_column-inner\" >\n\t\t\t<div class=\"wpb_wrapper\">\n\t\t\t\t<div class=\"img-with-aniamtion-wrap center custom-size\" data-max-width=\"100%\" data-max-width-mobile=\"default\" data-shadow=\"none\" data-animation=\"none\"  style=\"margin-top: 60px; margin-bottom: -10px; \">\n      <div class=\"inner\">\n        <div class=\"hover-wrap\"> \n          <div class=\"hover-wrap-inner\">\n            <img loading=\"lazy\" decoding=\"async\" class=\"img-with-animation skip-lazy\" data-delay=\"0\" height=\"125\" width=\"300\" data-animation=\"none\" src=\"https:\/\/flamengi.cat\/wp-content\/uploads\/2026\/06\/image-300x125.png\" alt=\"\" srcset=\"https:\/\/flamengi.cat\/wp-content\/uploads\/2026\/06\/image-300x125.png 300w, https:\/\/flamengi.cat\/wp-content\/uploads\/2026\/06\/image-768x319.png 768w, https:\/\/flamengi.cat\/wp-content\/uploads\/2026\/06\/image-18x7.png 18w, https:\/\/flamengi.cat\/wp-content\/uploads\/2026\/06\/image.png 842w\" sizes=\"auto, (max-width: 300px) 100vw, 300px\" \/>\n          <\/div>\n        <\/div>\n      <\/div>\n    <\/div>\n<div class=\"wpb_text_column wpb_content_element\" >\n\t<div class=\"wpb_wrapper\">\n\t\t<h2 style=\"text-align: center;\">FlamenGi 2026 del 13 al 28 de noviembre<\/h2>\n\t<\/div>\n<\/div>\n\n\n\n\n\t\t\t<\/div> \n\t\t<\/div>\n\t<\/div> \n<\/div><\/div>\n\t\t<div id=\"fws_6a9bc41a1dc8b\"  data-column-margin=\"default\" data-midnight=\"dark\"  class=\"wpb_row vc_row-fluid vc_row\"  style=\"padding-top: 0px; padding-bottom: 0px; \"><div class=\"row-bg-wrap\" data-bg-animation=\"none\" data-bg-animation-delay=\"\" data-bg-overlay=\"false\"><div class=\"inner-wrap row-bg-layer\" ><div class=\"row-bg viewport-desktop\"  style=\"\"><\/div><\/div><\/div><div class=\"row_col_wrap_12 col span_12 dark left\">\n\t<div  class=\"vc_col-sm-12 wpb_column column_container vc_column_container col no-extra-padding inherit_tablet inherit_phone\"  data-padding-pos=\"all\" data-has-bg-color=\"false\" data-bg-color=\"\" data-bg-opacity=\"1\" data-animation=\"\" data-delay=\"0\" >\n\t\t<div class=\"vc_column-inner\" >\n\t\t\t<div class=\"wpb_wrapper\">\n\t\t\t\t<div class=\"divider-wrap\" data-alignment=\"default\"><div style=\"height: 50px;\" class=\"divider\"><\/div><\/div><div class='nectar-post-grid-wrap text-color-light spacing-35px' data-el-settings='{\"post_type\":\"post\",\"pagination\":\"load-more\",\"image_size\":\"full\",\"aspect_ratio_image_size\":\"\",\"display_categories\":\"0\",\"display_excerpt\":\"0\",\"display_date\":\"0\",\"color_overlay\":\"\",\"color_overlay_opacity\":\"\",\"color_overlay_hover_opacity\":\"\",\"card_bg_color\":\"#26252e\",\"grid_style\":\"content_under_image\",\"hover_effect\":\"slow_zoom\",\"post_title_overlay\":\"\",\"heading_tag\":\"h2\",\"enable_gallery_lightbox\":\"0\",\"overlay_secondary_project_image\":\"\",\"vertical_list_hover_effect\":\"none\",\"vertical_list_read_more\":\"\"}' data-style='content_under_image' data-query='{\"post_type\":\"post\",\"posts_per_page\":\"-1\",\"order\":\"ASC\",\"orderby\":\"date\",\"offset\":\"0\",\"cpt_name\":\"post\",\"custom_query_tax\":\"\",\"ignore_sticky_posts\":\"\"}' data-load-more-color='black' data-load-more-text='Load More'><div class=\"nectar-post-grid-filters\" data-active-color=\"default\" data-align=\"default\" data-animation=\"fade-in-from-bottom\" data-sortable=\"\"><h4>Filter<\/h4><div><a href=\"#\" data-filter=\"edicio-2026\" data-total-count=\"13\">Edici\u00f3 2026<\/a><\/div><\/div><div class=\"nectar-post-grid font_size_22px card_hover_color_6ea7c5 category-position-after-title\" data-indicator=\"\" data-indicator-style=\"default\" data-indicator-text-color=\"#fff\" data-indicator-color=\"#000\" data-indicator-text=\"View\" data-columns=\"2\" data-hover-effect=\"slow_zoom\" data-text-style=\"default\" data-border-radius=\"15px\" data-grid-item-height=\"40vh\" data-grid-spacing=\"35px\" data-text-layout=\"top_left\" data-text-color=\"light\" data-text-hover-color=\"light\" data-shadow-hover=\"yes\" data-animation=\"fade-in-from-bottom\" data-cat-click=\"default\" data-lock-aspect=\"\"  data-text-align=\"left\" data-card=\"yes\"><div class=\"nectar-post-grid-item\" style=\"background-color: #26252e;\" data-post-id=\"2749\" data-has-img=\"true\"> <div class=\"inner\"><div class=\"nectar-post-grid-item-bg-wrap\"><div class=\"nectar-post-grid-item-bg-wrap-inner\"><a class=\"bg-wrap-link\" aria-label=\"MANUEL LI&Ntilde;&Aacute;N&lt;br&gt; Divendres 16 d&rsquo;octubre a les 20h al Teatre Jard&iacute; (Figueres)\" href=\"https:\/\/flamengi.cat\/es\/manuel-linan-divendres-16-doctubre-a-les-20h-al-teatre-jardi-figueres\/\"><\/a><div class=\"nectar-post-grid-item-bg\"><img loading=\"lazy\" decoding=\"async\" width=\"1792\" height=\"2560\" src=\"https:\/\/flamengi.cat\/wp-content\/uploads\/2026\/06\/unnamed-3-scaled.jpg\" class=\"attachment-full size-full wp-post-image\" alt=\"\" srcset=\"https:\/\/flamengi.cat\/wp-content\/uploads\/2026\/06\/unnamed-3-scaled.jpg 1792w, https:\/\/flamengi.cat\/wp-content\/uploads\/2026\/06\/unnamed-3-210x300.jpg 210w, https:\/\/flamengi.cat\/wp-content\/uploads\/2026\/06\/unnamed-3-717x1024.jpg 717w, https:\/\/flamengi.cat\/wp-content\/uploads\/2026\/06\/unnamed-3-768x1097.jpg 768w, https:\/\/flamengi.cat\/wp-content\/uploads\/2026\/06\/unnamed-3-1075x1536.jpg 1075w, https:\/\/flamengi.cat\/wp-content\/uploads\/2026\/06\/unnamed-3-1434x2048.jpg 1434w, https:\/\/flamengi.cat\/wp-content\/uploads\/2026\/06\/unnamed-3-8x12.jpg 8w\" sizes=\"auto, (max-width: 1792px) 100vw, 1792px\" \/><\/div><\/div><\/div><div class=\"content\"><a class=\"nectar-post-grid-link\" href=\"https:\/\/flamengi.cat\/es\/manuel-linan-divendres-16-doctubre-a-les-20h-al-teatre-jardi-figueres\/\" aria-label=\"MANUEL LI&Ntilde;&Aacute;N&lt;br&gt; Divendres 16 d&rsquo;octubre a les 20h al Teatre Jard&iacute; (Figueres)\"><\/a><div class=\"item-main\"><h2 class=\"post-heading\"><a href=\"https:\/\/flamengi.cat\/es\/manuel-linan-divendres-16-doctubre-a-les-20h-al-teatre-jardi-figueres\/\"><span>MANUEL LI\u00d1\u00c1N<br> Viernes 16 de octubre a las 20h en el Teatre Jard\u00ed (Figueres)<\/span><\/a><\/h2><\/div><\/div><\/div><\/div><div class=\"nectar-post-grid-item\" style=\"background-color: #26252e;\" data-post-id=\"2845\" data-has-img=\"true\"> <div class=\"inner\"><div class=\"nectar-post-grid-item-bg-wrap\"><div class=\"nectar-post-grid-item-bg-wrap-inner\"><a class=\"bg-wrap-link\" aria-label=\"SOLE&Aacute; MORENTE&lt;br&gt; Viernes 13 de noviembre a las 19:30h en las escaleras de la catedral de Girona\" href=\"https:\/\/flamengi.cat\/es\/solea-morente-divendres-13-de-novembre-a-les-1930h-a-les-escales-de-la-catedral-de-girona\/\"><\/a><div class=\"nectar-post-grid-item-bg\"><img loading=\"lazy\" decoding=\"async\" width=\"1200\" height=\"800\" src=\"https:\/\/flamengi.cat\/wp-content\/uploads\/2026\/08\/2025-solea-sirio-b-neelam-khan-vela-24.jpg\" class=\"attachment-full size-full wp-post-image\" alt=\"\" srcset=\"https:\/\/flamengi.cat\/wp-content\/uploads\/2026\/08\/2025-solea-sirio-b-neelam-khan-vela-24.jpg 1200w, https:\/\/flamengi.cat\/wp-content\/uploads\/2026\/08\/2025-solea-sirio-b-neelam-khan-vela-24-300x200.jpg 300w, https:\/\/flamengi.cat\/wp-content\/uploads\/2026\/08\/2025-solea-sirio-b-neelam-khan-vela-24-1024x683.jpg 1024w, https:\/\/flamengi.cat\/wp-content\/uploads\/2026\/08\/2025-solea-sirio-b-neelam-khan-vela-24-768x512.jpg 768w, https:\/\/flamengi.cat\/wp-content\/uploads\/2026\/08\/2025-solea-sirio-b-neelam-khan-vela-24-18x12.jpg 18w, https:\/\/flamengi.cat\/wp-content\/uploads\/2026\/08\/2025-solea-sirio-b-neelam-khan-vela-24-900x600.jpg 900w\" sizes=\"auto, (max-width: 1200px) 100vw, 1200px\" \/><\/div><\/div><\/div><div class=\"content\"><a class=\"nectar-post-grid-link\" href=\"https:\/\/flamengi.cat\/es\/solea-morente-divendres-13-de-novembre-a-les-1930h-a-les-escales-de-la-catedral-de-girona\/\" aria-label=\"SOLE&Aacute; MORENTE&lt;br&gt; Viernes 13 de noviembre a las 19:30h en las escaleras de la catedral de Girona\"><\/a><div class=\"item-main\"><h2 class=\"post-heading\"><a href=\"https:\/\/flamengi.cat\/es\/solea-morente-divendres-13-de-novembre-a-les-1930h-a-les-escales-de-la-catedral-de-girona\/\"><span>SOLE\u00c1 MORENTE<br> Viernes 13 de noviembre a las 19:30h en las escaleras de la catedral de Girona<\/span><\/a><\/h2><\/div><\/div><\/div><\/div><div class=\"nectar-post-grid-item\" style=\"background-color: #26252e;\" data-post-id=\"2735\" data-has-img=\"true\"> <div class=\"inner\"><div class=\"nectar-post-grid-item-bg-wrap\"><div class=\"nectar-post-grid-item-bg-wrap-inner\"><a class=\"bg-wrap-link\" aria-label=\"BEL&Eacute;N L&Oacute;PEZ&lt;br&gt;Dissabte 14 de novembre a les 20h en l&rsquo;Auditori del Centre Cultural de la Merc&egrave; (Girona)\" href=\"https:\/\/flamengi.cat\/es\/belen-lopezdissabte-14-de-novembre-a-les-20h-en-lauditori-del-centre-cultural-de-la-merce-girona\/\"><\/a><div class=\"nectar-post-grid-item-bg\"><img loading=\"lazy\" decoding=\"async\" width=\"1105\" height=\"1600\" src=\"https:\/\/flamengi.cat\/wp-content\/uploads\/2026\/06\/FOTO-PRINCIPAL.jpeg\" class=\"attachment-full size-full wp-post-image\" alt=\"\" srcset=\"https:\/\/flamengi.cat\/wp-content\/uploads\/2026\/06\/FOTO-PRINCIPAL.jpeg 1105w, https:\/\/flamengi.cat\/wp-content\/uploads\/2026\/06\/FOTO-PRINCIPAL-207x300.jpeg 207w, https:\/\/flamengi.cat\/wp-content\/uploads\/2026\/06\/FOTO-PRINCIPAL-707x1024.jpeg 707w, https:\/\/flamengi.cat\/wp-content\/uploads\/2026\/06\/FOTO-PRINCIPAL-768x1112.jpeg 768w, https:\/\/flamengi.cat\/wp-content\/uploads\/2026\/06\/FOTO-PRINCIPAL-1061x1536.jpeg 1061w, https:\/\/flamengi.cat\/wp-content\/uploads\/2026\/06\/FOTO-PRINCIPAL-8x12.jpeg 8w\" sizes=\"auto, (max-width: 1105px) 100vw, 1105px\" \/><\/div><\/div><\/div><div class=\"content\"><a class=\"nectar-post-grid-link\" href=\"https:\/\/flamengi.cat\/es\/belen-lopezdissabte-14-de-novembre-a-les-20h-en-lauditori-del-centre-cultural-de-la-merce-girona\/\" aria-label=\"BEL&Eacute;N L&Oacute;PEZ&lt;br&gt;Dissabte 14 de novembre a les 20h en l&rsquo;Auditori del Centre Cultural de la Merc&egrave; (Girona)\"><\/a><div class=\"item-main\"><h2 class=\"post-heading\"><a href=\"https:\/\/flamengi.cat\/es\/belen-lopezdissabte-14-de-novembre-a-les-20h-en-lauditori-del-centre-cultural-de-la-merce-girona\/\"><span>BEL\u00c9N L\u00d3PEZ<br>S\u00e1bado 14 de noviembre a las 20h en el Auditori del Centre Cultural de la Merc\u00e8 (Girona)<\/span><\/a><\/h2><\/div><\/div><\/div><\/div><div class=\"nectar-post-grid-item\" style=\"background-color: #26252e;\" data-post-id=\"2861\" data-has-img=\"true\"> <div class=\"inner\"><div class=\"nectar-post-grid-item-bg-wrap\"><div class=\"nectar-post-grid-item-bg-wrap-inner\"><a class=\"bg-wrap-link\" aria-label=\"RAFAEL RIQUENI &ldquo;NERJA&rdquo;&lt;br&gt; Diumenge 15 de novembre a les 18h a l&rsquo;Ateneu de Banyoles\" href=\"https:\/\/flamengi.cat\/es\/rafael-riqueni-nerja-diumenge-15-de-novembre-a-les-18h-a-lateneu-de-banyoles\/\"><\/a><div class=\"nectar-post-grid-item-bg\"><img loading=\"lazy\" decoding=\"async\" width=\"534\" height=\"800\" src=\"https:\/\/flamengi.cat\/wp-content\/uploads\/2026\/08\/2.-Manuel-Naranjo.jpg\" class=\"attachment-full size-full wp-post-image\" alt=\"\" srcset=\"https:\/\/flamengi.cat\/wp-content\/uploads\/2026\/08\/2.-Manuel-Naranjo.jpg 534w, https:\/\/flamengi.cat\/wp-content\/uploads\/2026\/08\/2.-Manuel-Naranjo-200x300.jpg 200w, https:\/\/flamengi.cat\/wp-content\/uploads\/2026\/08\/2.-Manuel-Naranjo-8x12.jpg 8w\" sizes=\"auto, (max-width: 534px) 100vw, 534px\" \/><\/div><\/div><\/div><div class=\"content\"><a class=\"nectar-post-grid-link\" href=\"https:\/\/flamengi.cat\/es\/rafael-riqueni-nerja-diumenge-15-de-novembre-a-les-18h-a-lateneu-de-banyoles\/\" aria-label=\"RAFAEL RIQUENI &ldquo;NERJA&rdquo;&lt;br&gt; Diumenge 15 de novembre a les 18h a l&rsquo;Ateneu de Banyoles\"><\/a><div class=\"item-main\"><h2 class=\"post-heading\"><a href=\"https:\/\/flamengi.cat\/es\/rafael-riqueni-nerja-diumenge-15-de-novembre-a-les-18h-a-lateneu-de-banyoles\/\"><span>RAFAEL RIQUENI \u201cNERJA\u201d<br> Domingo 15 de noviembre a las 18h en el Ateneo de Banyoles<\/span><\/a><\/h2><\/div><\/div><\/div><\/div><div class=\"nectar-post-grid-item\" style=\"background-color: #26252e;\" data-post-id=\"2985\" data-has-img=\"true\"> <div class=\"inner\"><div class=\"nectar-post-grid-item-bg-wrap\"><div class=\"nectar-post-grid-item-bg-wrap-inner\"><a class=\"bg-wrap-link\" aria-label=\"MASTERCLASS CON BEL&Eacute;N L&Oacute;PEZ&lt;br&gt; Domingo 15 de noviembre en la Escuela de Danza Pilar S&aacute;nchez de Figueres\" href=\"https:\/\/flamengi.cat\/es\/masterclass-amb-belen-lopez-diumenge-15-de-novembre\/\"><\/a><div class=\"nectar-post-grid-item-bg\"><img loading=\"lazy\" decoding=\"async\" width=\"1200\" height=\"779\" src=\"https:\/\/flamengi.cat\/wp-content\/uploads\/2026\/08\/BELEN-03.jpg\" class=\"attachment-full size-full wp-post-image\" alt=\"\" srcset=\"https:\/\/flamengi.cat\/wp-content\/uploads\/2026\/08\/BELEN-03.jpg 1200w, https:\/\/flamengi.cat\/wp-content\/uploads\/2026\/08\/BELEN-03-300x195.jpg 300w, https:\/\/flamengi.cat\/wp-content\/uploads\/2026\/08\/BELEN-03-1024x665.jpg 1024w, https:\/\/flamengi.cat\/wp-content\/uploads\/2026\/08\/BELEN-03-768x499.jpg 768w, https:\/\/flamengi.cat\/wp-content\/uploads\/2026\/08\/BELEN-03-18x12.jpg 18w\" sizes=\"auto, (max-width: 1200px) 100vw, 1200px\" \/><\/div><\/div><\/div><div class=\"content\"><a class=\"nectar-post-grid-link\" href=\"https:\/\/flamengi.cat\/es\/masterclass-amb-belen-lopez-diumenge-15-de-novembre\/\" aria-label=\"MASTERCLASS CON BEL&Eacute;N L&Oacute;PEZ&lt;br&gt; Domingo 15 de noviembre en la Escuela de Danza Pilar S&aacute;nchez de Figueres\"><\/a><div class=\"item-main\"><h2 class=\"post-heading\"><a href=\"https:\/\/flamengi.cat\/es\/masterclass-amb-belen-lopez-diumenge-15-de-novembre\/\"><span>MASTERCLASS CON BEL\u00c9N L\u00d3PEZ<br> Domingo 15 de noviembre en la Escuela de Danza Pilar S\u00e1nchez de Figueres<\/span><\/a><\/h2><\/div><\/div><\/div><\/div><div class=\"nectar-post-grid-item\" style=\"background-color: #26252e;\" data-post-id=\"2872\" data-has-img=\"true\"> <div class=\"inner\"><div class=\"nectar-post-grid-item-bg-wrap\"><div class=\"nectar-post-grid-item-bg-wrap-inner\"><a class=\"bg-wrap-link\" aria-label=\"JORGE PARDO &ldquo;TR&Iacute;O DE REYES DEL FLAMENCO&rdquo;&lt;br&gt; Viernes 20 de noviembre a las 21h en el Teatro Mundial de la Bisbal de Empord&agrave;\" href=\"https:\/\/flamengi.cat\/es\/jorge-pardo-trio-de-reyes-del-flamenco-divendres-20-de-novembre-a-les-21h-al-teatre-mundial-de-la-bisbal-demporda\/\"><\/a><div class=\"nectar-post-grid-item-bg\"><img loading=\"lazy\" decoding=\"async\" width=\"1200\" height=\"800\" src=\"https:\/\/flamengi.cat\/wp-content\/uploads\/2026\/08\/Jorge-Pardo-81.jpg.jpeg\" class=\"attachment-full size-full wp-post-image\" alt=\"\" srcset=\"https:\/\/flamengi.cat\/wp-content\/uploads\/2026\/08\/Jorge-Pardo-81.jpg.jpeg 1200w, https:\/\/flamengi.cat\/wp-content\/uploads\/2026\/08\/Jorge-Pardo-81.jpg-300x200.jpeg 300w, https:\/\/flamengi.cat\/wp-content\/uploads\/2026\/08\/Jorge-Pardo-81.jpg-1024x683.jpeg 1024w, https:\/\/flamengi.cat\/wp-content\/uploads\/2026\/08\/Jorge-Pardo-81.jpg-768x512.jpeg 768w, https:\/\/flamengi.cat\/wp-content\/uploads\/2026\/08\/Jorge-Pardo-81.jpg-18x12.jpeg 18w, https:\/\/flamengi.cat\/wp-content\/uploads\/2026\/08\/Jorge-Pardo-81.jpg-900x600.jpeg 900w\" sizes=\"auto, (max-width: 1200px) 100vw, 1200px\" \/><\/div><\/div><\/div><div class=\"content\"><a class=\"nectar-post-grid-link\" href=\"https:\/\/flamengi.cat\/es\/jorge-pardo-trio-de-reyes-del-flamenco-divendres-20-de-novembre-a-les-21h-al-teatre-mundial-de-la-bisbal-demporda\/\" aria-label=\"JORGE PARDO &ldquo;TR&Iacute;O DE REYES DEL FLAMENCO&rdquo;&lt;br&gt; Viernes 20 de noviembre a las 21h en el Teatro Mundial de la Bisbal de Empord&agrave;\"><\/a><div class=\"item-main\"><h2 class=\"post-heading\"><a href=\"https:\/\/flamengi.cat\/es\/jorge-pardo-trio-de-reyes-del-flamenco-divendres-20-de-novembre-a-les-21h-al-teatre-mundial-de-la-bisbal-demporda\/\"><span>JORGE PARDO \u201cTR\u00cdO DE REYES DEL FLAMENCO\u201d<br> Viernes 20 de noviembre a las 21h en el Teatro Mundial de la Bisbal de Empord\u00e0<\/span><\/a><\/h2><\/div><\/div><\/div><\/div><div class=\"nectar-post-grid-item\" style=\"background-color: #26252e;\" data-post-id=\"2881\" data-has-img=\"true\"> <div class=\"inner\"><div class=\"nectar-post-grid-item-bg-wrap\"><div class=\"nectar-post-grid-item-bg-wrap-inner\"><a class=\"bg-wrap-link\" aria-label=\"MARIA TERREMOTO &ldquo;CAN&Ccedil;ONS PER A UNA CANTAORA&rdquo;&lt;br&gt; S&aacute;bado 21 de noviembre a las 20h en el Teatro de Blanes\" href=\"https:\/\/flamengi.cat\/es\/maria-terremoto-cancons-per-a-una-cantaora-dissabte-21-de-novembre-a-les-20h-al-teatre-de-blanes\/\"><\/a><div class=\"nectar-post-grid-item-bg\"><img loading=\"lazy\" decoding=\"async\" width=\"533\" height=\"800\" src=\"https:\/\/flamengi.cat\/wp-content\/uploads\/2026\/08\/maria-terremoto-12288.jpg\" class=\"attachment-full size-full wp-post-image\" alt=\"\" srcset=\"https:\/\/flamengi.cat\/wp-content\/uploads\/2026\/08\/maria-terremoto-12288.jpg 533w, https:\/\/flamengi.cat\/wp-content\/uploads\/2026\/08\/maria-terremoto-12288-200x300.jpg 200w, https:\/\/flamengi.cat\/wp-content\/uploads\/2026\/08\/maria-terremoto-12288-8x12.jpg 8w\" sizes=\"auto, (max-width: 533px) 100vw, 533px\" \/><\/div><\/div><\/div><div class=\"content\"><a class=\"nectar-post-grid-link\" href=\"https:\/\/flamengi.cat\/es\/maria-terremoto-cancons-per-a-una-cantaora-dissabte-21-de-novembre-a-les-20h-al-teatre-de-blanes\/\" aria-label=\"MARIA TERREMOTO &ldquo;CAN&Ccedil;ONS PER A UNA CANTAORA&rdquo;&lt;br&gt; S&aacute;bado 21 de noviembre a las 20h en el Teatro de Blanes\"><\/a><div class=\"item-main\"><h2 class=\"post-heading\"><a href=\"https:\/\/flamengi.cat\/es\/maria-terremoto-cancons-per-a-una-cantaora-dissabte-21-de-novembre-a-les-20h-al-teatre-de-blanes\/\"><span>MARIA TERREMOTO \u201cCAN\u00c7ONS PER A UNA CANTAORA\u201d<br> S\u00e1bado 21 de noviembre a las 20h en el Teatro de Blanes<\/span><\/a><\/h2><\/div><\/div><\/div><\/div><div class=\"nectar-post-grid-item\" style=\"background-color: #26252e;\" data-post-id=\"2888\" data-has-img=\"true\"> <div class=\"inner\"><div class=\"nectar-post-grid-item-bg-wrap\"><div class=\"nectar-post-grid-item-bg-wrap-inner\"><a class=\"bg-wrap-link\" aria-label=\"LELA SOTO &ldquo; EL FUEGO QUE LLEVO DENTRO&rdquo;&lt;br&gt; Domingo 22 de noviembre a las 19h en Sunset Jazz Club\" href=\"https:\/\/flamengi.cat\/es\/lela-soto-el-fuego-que-llevo-dentro-diumenge-22-de-novembre-a-les-19h-a-sunset-jazz-club\/\"><\/a><div class=\"nectar-post-grid-item-bg\"><img loading=\"lazy\" decoding=\"async\" width=\"1038\" height=\"800\" src=\"https:\/\/flamengi.cat\/wp-content\/uploads\/2026\/08\/1.jpg\" class=\"attachment-full size-full wp-post-image\" alt=\"\" srcset=\"https:\/\/flamengi.cat\/wp-content\/uploads\/2026\/08\/1.jpg 1038w, https:\/\/flamengi.cat\/wp-content\/uploads\/2026\/08\/1-300x231.jpg 300w, https:\/\/flamengi.cat\/wp-content\/uploads\/2026\/08\/1-1024x789.jpg 1024w, https:\/\/flamengi.cat\/wp-content\/uploads\/2026\/08\/1-768x592.jpg 768w, https:\/\/flamengi.cat\/wp-content\/uploads\/2026\/08\/1-16x12.jpg 16w\" sizes=\"auto, (max-width: 1038px) 100vw, 1038px\" \/><\/div><\/div><\/div><div class=\"content\"><a class=\"nectar-post-grid-link\" href=\"https:\/\/flamengi.cat\/es\/lela-soto-el-fuego-que-llevo-dentro-diumenge-22-de-novembre-a-les-19h-a-sunset-jazz-club\/\" aria-label=\"LELA SOTO &ldquo; EL FUEGO QUE LLEVO DENTRO&rdquo;&lt;br&gt; Domingo 22 de noviembre a las 19h en Sunset Jazz Club\"><\/a><div class=\"item-main\"><h2 class=\"post-heading\"><a href=\"https:\/\/flamengi.cat\/es\/lela-soto-el-fuego-que-llevo-dentro-diumenge-22-de-novembre-a-les-19h-a-sunset-jazz-club\/\"><span>LELA SOTO \u201c EL FUEGO QUE LLEVO DENTRO\u201d<br> Domingo 22 de noviembre a las 19h en Sunset Jazz Club<\/span><\/a><\/h2><\/div><\/div><\/div><\/div><div class=\"nectar-post-grid-item\" style=\"background-color: #26252e;\" data-post-id=\"2895\" data-has-img=\"true\"> <div class=\"inner\"><div class=\"nectar-post-grid-item-bg-wrap\"><div class=\"nectar-post-grid-item-bg-wrap-inner\"><a class=\"bg-wrap-link\" aria-label=\"DOCUMENTAL &ldquo;FLAMENCO&rdquo; CARLA SIM&Oacute;N&lt;br&gt; Dijous 26 de novembre a les 19h a l&rsquo;Auditori Josep Irla Girona\" href=\"https:\/\/flamengi.cat\/es\/documental-flamenco-carla-simon-dijous-26-de-novembre-a-les-19h-a-lauditori-josep-irla-girona\/\"><\/a><div class=\"nectar-post-grid-item-bg\"><img loading=\"lazy\" decoding=\"async\" width=\"922\" height=\"679\" src=\"https:\/\/flamengi.cat\/wp-content\/uploads\/2026\/08\/documental.png\" class=\"attachment-full size-full wp-post-image\" alt=\"\" srcset=\"https:\/\/flamengi.cat\/wp-content\/uploads\/2026\/08\/documental.png 922w, https:\/\/flamengi.cat\/wp-content\/uploads\/2026\/08\/documental-300x221.png 300w, https:\/\/flamengi.cat\/wp-content\/uploads\/2026\/08\/documental-768x566.png 768w, https:\/\/flamengi.cat\/wp-content\/uploads\/2026\/08\/documental-16x12.png 16w\" sizes=\"auto, (max-width: 922px) 100vw, 922px\" \/><\/div><\/div><\/div><div class=\"content\"><a class=\"nectar-post-grid-link\" href=\"https:\/\/flamengi.cat\/es\/documental-flamenco-carla-simon-dijous-26-de-novembre-a-les-19h-a-lauditori-josep-irla-girona\/\" aria-label=\"DOCUMENTAL &ldquo;FLAMENCO&rdquo; CARLA SIM&Oacute;N&lt;br&gt; Dijous 26 de novembre a les 19h a l&rsquo;Auditori Josep Irla Girona\"><\/a><div class=\"item-main\"><h2 class=\"post-heading\"><a href=\"https:\/\/flamengi.cat\/es\/documental-flamenco-carla-simon-dijous-26-de-novembre-a-les-19h-a-lauditori-josep-irla-girona\/\"><span>DOCUMENTAL \u201cFLAMENCO\u201d CARLA SIM\u00d3N<br> Jueves 26 de noviembre a las 19h en el Auditorio Josep Irla Girona<\/span><\/a><\/h2><\/div><\/div><\/div><\/div><div class=\"nectar-post-grid-item\" style=\"background-color: #26252e;\" data-post-id=\"2899\" data-has-img=\"true\"> <div class=\"inner\"><div class=\"nectar-post-grid-item-bg-wrap\"><div class=\"nectar-post-grid-item-bg-wrap-inner\"><a class=\"bg-wrap-link\" aria-label=\"ROC&Iacute;O MOLINA &ldquo;CALENTAMIENTO&rdquo;&lt;br&gt; Jueves 26 de noviembre a las 20h en el Teatro Municipal de Girona\" href=\"https:\/\/flamengi.cat\/es\/rocio-molina-calentamiento-dijous-26-de-novembre-a-les-20h-al-teatre-municipal-de-girona\/\"><\/a><div class=\"nectar-post-grid-item-bg\"><img loading=\"lazy\" decoding=\"async\" width=\"1200\" height=\"799\" src=\"https:\/\/flamengi.cat\/wp-content\/uploads\/2026\/08\/\u00a9-Simone-Fratini.jpg\" class=\"attachment-full size-full wp-post-image\" alt=\"\" srcset=\"https:\/\/flamengi.cat\/wp-content\/uploads\/2026\/08\/\u00a9-Simone-Fratini.jpg 1200w, https:\/\/flamengi.cat\/wp-content\/uploads\/2026\/08\/\u00a9-Simone-Fratini-300x200.jpg 300w, https:\/\/flamengi.cat\/wp-content\/uploads\/2026\/08\/\u00a9-Simone-Fratini-1024x682.jpg 1024w, https:\/\/flamengi.cat\/wp-content\/uploads\/2026\/08\/\u00a9-Simone-Fratini-768x511.jpg 768w, https:\/\/flamengi.cat\/wp-content\/uploads\/2026\/08\/\u00a9-Simone-Fratini-18x12.jpg 18w, https:\/\/flamengi.cat\/wp-content\/uploads\/2026\/08\/\u00a9-Simone-Fratini-900x600.jpg 900w\" sizes=\"auto, (max-width: 1200px) 100vw, 1200px\" \/><\/div><\/div><\/div><div class=\"content\"><a class=\"nectar-post-grid-link\" href=\"https:\/\/flamengi.cat\/es\/rocio-molina-calentamiento-dijous-26-de-novembre-a-les-20h-al-teatre-municipal-de-girona\/\" aria-label=\"ROC&Iacute;O MOLINA &ldquo;CALENTAMIENTO&rdquo;&lt;br&gt; Jueves 26 de noviembre a las 20h en el Teatro Municipal de Girona\"><\/a><div class=\"item-main\"><h2 class=\"post-heading\"><a href=\"https:\/\/flamengi.cat\/es\/rocio-molina-calentamiento-dijous-26-de-novembre-a-les-20h-al-teatre-municipal-de-girona\/\"><span>ROC\u00cdO MOLINA \u201cCALENTAMIENTO\u201d<br> Jueves 26 de noviembre a las 20h en el Teatro Municipal de Girona<\/span><\/a><\/h2><\/div><\/div><\/div><\/div><div class=\"nectar-post-grid-item\" style=\"background-color: #26252e;\" data-post-id=\"2933\" data-has-img=\"true\"> <div class=\"inner\"><div class=\"nectar-post-grid-item-bg-wrap\"><div class=\"nectar-post-grid-item-bg-wrap-inner\"><a class=\"bg-wrap-link\" aria-label=\"JUAN TOM&Aacute;S DE LA MOL&Iacute;A &amp; &Aacute;GUEDA SAAVEDRA &ldquo;ARTISTA CONVIDADA&rdquo;&lt;br&gt; Viernes 27 de noviembre a las 20h en el Teathre Milenario de Touluges (Francia)\" href=\"https:\/\/flamengi.cat\/es\/juan-tomas-de-la-molia-agueda-saavedra-artista-convidada-divendres-27-de-novembre-a-les-20h-al-teathre-millenari-de-touluges-franca\/\"><\/a><div class=\"nectar-post-grid-item-bg\"><img loading=\"lazy\" decoding=\"async\" width=\"732\" height=\"800\" src=\"https:\/\/flamengi.cat\/wp-content\/uploads\/2026\/08\/FOTO_AGUEDA-SAAVEDRA_2.jpeg\" class=\"attachment-full size-full wp-post-image\" alt=\"\" srcset=\"https:\/\/flamengi.cat\/wp-content\/uploads\/2026\/08\/FOTO_AGUEDA-SAAVEDRA_2.jpeg 732w, https:\/\/flamengi.cat\/wp-content\/uploads\/2026\/08\/FOTO_AGUEDA-SAAVEDRA_2-275x300.jpeg 275w, https:\/\/flamengi.cat\/wp-content\/uploads\/2026\/08\/FOTO_AGUEDA-SAAVEDRA_2-11x12.jpeg 11w\" sizes=\"auto, (max-width: 732px) 100vw, 732px\" \/><\/div><\/div><\/div><div class=\"content\"><a class=\"nectar-post-grid-link\" href=\"https:\/\/flamengi.cat\/es\/juan-tomas-de-la-molia-agueda-saavedra-artista-convidada-divendres-27-de-novembre-a-les-20h-al-teathre-millenari-de-touluges-franca\/\" aria-label=\"JUAN TOM&Aacute;S DE LA MOL&Iacute;A &amp; &Aacute;GUEDA SAAVEDRA &ldquo;ARTISTA CONVIDADA&rdquo;&lt;br&gt; Viernes 27 de noviembre a las 20h en el Teathre Milenario de Touluges (Francia)\"><\/a><div class=\"item-main\"><h2 class=\"post-heading\"><a href=\"https:\/\/flamengi.cat\/es\/juan-tomas-de-la-molia-agueda-saavedra-artista-convidada-divendres-27-de-novembre-a-les-20h-al-teathre-millenari-de-touluges-franca\/\"><span>JUAN TOM\u00c1S DE LA MOL\u00cdA &amp; \u00c1GUEDA SAAVEDRA \u201cARTISTA INVITADA\u201d<br> Viernes 27 de noviembre a las 20h en el Teathre Milenario de Touluges (Francia)<\/span><\/a><\/h2><\/div><\/div><\/div><\/div><div class=\"nectar-post-grid-item\" style=\"background-color: #26252e;\" data-post-id=\"2945\" data-has-img=\"true\"> <div class=\"inner\"><div class=\"nectar-post-grid-item-bg-wrap\"><div class=\"nectar-post-grid-item-bg-wrap-inner\"><a class=\"bg-wrap-link\" aria-label=\"ALBA GUERRERO &ldquo;POSEM VEU A AL VEU&rdquo;&lt;br&gt; S&aacute;bado 28 de noviembre a las 11h en La Marf&agrave;\" href=\"https:\/\/flamengi.cat\/es\/alba-guerrero-posem-veu-a-al-veu-dissabte-28-de-novembre-a-les-11h-a-la-marfa\/\"><\/a><div class=\"nectar-post-grid-item-bg\"><img loading=\"lazy\" decoding=\"async\" width=\"534\" height=\"800\" src=\"https:\/\/flamengi.cat\/wp-content\/uploads\/2026\/08\/DSC_3626.jpg\" class=\"attachment-full size-full wp-post-image\" alt=\"\" srcset=\"https:\/\/flamengi.cat\/wp-content\/uploads\/2026\/08\/DSC_3626.jpg 534w, https:\/\/flamengi.cat\/wp-content\/uploads\/2026\/08\/DSC_3626-200x300.jpg 200w, https:\/\/flamengi.cat\/wp-content\/uploads\/2026\/08\/DSC_3626-8x12.jpg 8w\" sizes=\"auto, (max-width: 534px) 100vw, 534px\" \/><\/div><\/div><\/div><div class=\"content\"><a class=\"nectar-post-grid-link\" href=\"https:\/\/flamengi.cat\/es\/alba-guerrero-posem-veu-a-al-veu-dissabte-28-de-novembre-a-les-11h-a-la-marfa\/\" aria-label=\"ALBA GUERRERO &ldquo;POSEM VEU A AL VEU&rdquo;&lt;br&gt; S&aacute;bado 28 de noviembre a las 11h en La Marf&agrave;\"><\/a><div class=\"item-main\"><h2 class=\"post-heading\"><a href=\"https:\/\/flamengi.cat\/es\/alba-guerrero-posem-veu-a-al-veu-dissabte-28-de-novembre-a-les-11h-a-la-marfa\/\"><span>ALBA GUERRERO \u201cPOSEM VEU A AL VEU\u201d<br> S\u00e1bado 28 de noviembre a las 11h en La Marf\u00e0<\/span><\/a><\/h2><\/div><\/div><\/div><\/div><div class=\"nectar-post-grid-item\" style=\"background-color: #26252e;\" data-post-id=\"2949\" data-has-img=\"true\"> <div class=\"inner\"><div class=\"nectar-post-grid-item-bg-wrap\"><div class=\"nectar-post-grid-item-bg-wrap-inner\"><a class=\"bg-wrap-link\" aria-label=\"ELS NOIS DEL POBLE-SEC BAND M&Aacute;S LA ARROZADA POPULAR&lt;br&gt; S&aacute;bado 28 de noviembre a las 14h en la Pla&ccedil;a de l&rsquo;Om Centre C&iacute;vic Pont Major\" href=\"https:\/\/flamengi.cat\/es\/els-nois-del-poble-sec-band-mes-larrossada-popular-dissabte-28-de-novembre-a-les-14h-a-la-placa-de-lom-centre-civic-pont-major\/\"><\/a><div class=\"nectar-post-grid-item-bg\"><img loading=\"lazy\" decoding=\"async\" width=\"1067\" height=\"800\" src=\"https:\/\/flamengi.cat\/wp-content\/uploads\/2026\/08\/ChatGPT-Image-10-jun-2026-10_50_23.png\" class=\"attachment-full size-full wp-post-image\" alt=\"\" srcset=\"https:\/\/flamengi.cat\/wp-content\/uploads\/2026\/08\/ChatGPT-Image-10-jun-2026-10_50_23.png 1067w, https:\/\/flamengi.cat\/wp-content\/uploads\/2026\/08\/ChatGPT-Image-10-jun-2026-10_50_23-300x225.png 300w, https:\/\/flamengi.cat\/wp-content\/uploads\/2026\/08\/ChatGPT-Image-10-jun-2026-10_50_23-1024x768.png 1024w, https:\/\/flamengi.cat\/wp-content\/uploads\/2026\/08\/ChatGPT-Image-10-jun-2026-10_50_23-768x576.png 768w, https:\/\/flamengi.cat\/wp-content\/uploads\/2026\/08\/ChatGPT-Image-10-jun-2026-10_50_23-16x12.png 16w\" sizes=\"auto, (max-width: 1067px) 100vw, 1067px\" \/><\/div><\/div><\/div><div class=\"content\"><a class=\"nectar-post-grid-link\" href=\"https:\/\/flamengi.cat\/es\/els-nois-del-poble-sec-band-mes-larrossada-popular-dissabte-28-de-novembre-a-les-14h-a-la-placa-de-lom-centre-civic-pont-major\/\" aria-label=\"ELS NOIS DEL POBLE-SEC BAND M&Aacute;S LA ARROZADA POPULAR&lt;br&gt; S&aacute;bado 28 de noviembre a las 14h en la Pla&ccedil;a de l&rsquo;Om Centre C&iacute;vic Pont Major\"><\/a><div class=\"item-main\"><h2 class=\"post-heading\"><a href=\"https:\/\/flamengi.cat\/es\/els-nois-del-poble-sec-band-mes-larrossada-popular-dissabte-28-de-novembre-a-les-14h-a-la-placa-de-lom-centre-civic-pont-major\/\"><span>ELS NOIS DEL POBLE-SEC BAND M\u00c1S LA ARROZADA POPULAR<br> S\u00e1bado 28 de noviembre a las 14h en la Pla\u00e7a de l\u2019Om Centre C\u00edvic Pont Major<\/span><\/a><\/h2><\/div><\/div><\/div><\/div><\/div><\/div><div class=\"divider-wrap\" data-alignment=\"default\"><div style=\"height: 50px;\" class=\"divider\"><\/div><\/div>\n\t\t\t<\/div> \n\t\t<\/div>\n\t<\/div> \n<\/div><\/div>","protected":false},"excerpt":{"rendered":"Reserva d'entrades Arrossada popular &amp; concert de rumba L'Arrossada Popular \u00e9s una de les cites m\u00e9s esperades i emblem\u00e0tiques de FlamenGI. Celebrada a l'aire lliure al pati del Centre C\u00edvic...","protected":false},"author":4,"featured_media":0,"parent":0,"menu_order":1,"comment_status":"closed","ping_status":"closed","template":"","meta":{"footnotes":""},"class_list":["post-1585","page","type-page","status-publish"],"yoast_head":"<!-- This site is optimized with the Yoast SEO Premium plugin v19.5 (Yoast SEO v27.8) - https:\/\/yoast.com\/product\/yoast-seo-premium-wordpress\/ -->\n<title>FLAMENGI FESTIVAL<\/title>\n<meta name=\"robots\" content=\"index, follow, max-snippet:-1, max-image-preview:large, max-video-preview:-1\" \/>\n<link rel=\"canonical\" href=\"https:\/\/flamengi.cat\/es\/\" \/>\n<meta property=\"og:locale\" content=\"es_ES\" \/>\n<meta property=\"og:type\" content=\"article\" \/>\n<meta property=\"og:title\" content=\"Programa\" \/>\n<meta property=\"og:url\" content=\"https:\/\/flamengi.cat\/es\/\" \/>\n<meta property=\"og:site_name\" content=\"FLAMENGI FESTIVAL\" \/>\n<meta property=\"article:publisher\" content=\"https:\/\/www.facebook.com\/flamengi.festival\" \/>\n<meta property=\"article:modified_time\" content=\"2026-09-01T12:02:59+00:00\" \/>\n<meta name=\"twitter:card\" content=\"summary_large_image\" \/>\n<meta name=\"twitter:site\" content=\"@flamengif\" \/>\n<meta name=\"twitter:label1\" content=\"Tiempo de lectura\" \/>\n\t<meta name=\"twitter:data1\" content=\"2 minutos\" \/>\n<script type=\"application\/ld+json\" class=\"yoast-schema-graph\">{\"@context\":\"https:\\\/\\\/schema.org\",\"@graph\":[{\"@type\":\"WebPage\",\"@id\":\"https:\\\/\\\/flamengi.cat\\\/\",\"url\":\"https:\\\/\\\/flamengi.cat\\\/\",\"name\":\"Programa - FLAMENGI FESTIVAL\",\"isPartOf\":{\"@id\":\"https:\\\/\\\/flamengi.cat\\\/#website\"},\"datePublished\":\"2024-06-25T13:29:31+00:00\",\"dateModified\":\"2026-09-01T12:02:59+00:00\",\"breadcrumb\":{\"@id\":\"https:\\\/\\\/flamengi.cat\\\/#breadcrumb\"},\"inLanguage\":\"es\",\"potentialAction\":[{\"@type\":\"ReadAction\",\"target\":[\"https:\\\/\\\/flamengi.cat\\\/\"]}]},{\"@type\":\"BreadcrumbList\",\"@id\":\"https:\\\/\\\/flamengi.cat\\\/#breadcrumb\",\"itemListElement\":[{\"@type\":\"ListItem\",\"position\":1,\"name\":\"Inici\",\"item\":\"https:\\\/\\\/flamengi.cat\\\/\"},{\"@type\":\"ListItem\",\"position\":2,\"name\":\"Programa\"}]},{\"@type\":\"WebSite\",\"@id\":\"https:\\\/\\\/flamengi.cat\\\/#website\",\"url\":\"https:\\\/\\\/flamengi.cat\\\/\",\"name\":\"FLAMENGI FESTIVAL\",\"description\":\"Festival Flamenc de Girona\",\"potentialAction\":[{\"@type\":\"SearchAction\",\"target\":{\"@type\":\"EntryPoint\",\"urlTemplate\":\"https:\\\/\\\/flamengi.cat\\\/?s={search_term_string}\"},\"query-input\":{\"@type\":\"PropertyValueSpecification\",\"valueRequired\":true,\"valueName\":\"search_term_string\"}}],\"inLanguage\":\"es\"}]}<\/script>\n<!-- \/ Yoast SEO Premium plugin. -->","yoast_head_json":{"title":"FLAMENGI FESTIVAL","robots":{"index":"index","follow":"follow","max-snippet":"max-snippet:-1","max-image-preview":"max-image-preview:large","max-video-preview":"max-video-preview:-1"},"canonical":"https:\/\/flamengi.cat\/es\/","og_locale":"es_ES","og_type":"article","og_title":"Programa","og_url":"https:\/\/flamengi.cat\/es\/","og_site_name":"FLAMENGI FESTIVAL","article_publisher":"https:\/\/www.facebook.com\/flamengi.festival","article_modified_time":"2026-09-01T12:02:59+00:00","twitter_card":"summary_large_image","twitter_site":"@flamengif","twitter_misc":{"Tiempo de lectura":"2 minutos"},"schema":{"@context":"https:\/\/schema.org","@graph":[{"@type":"WebPage","@id":"https:\/\/flamengi.cat\/","url":"https:\/\/flamengi.cat\/","name":"Programa - FLAMENGI FESTIVAL","isPartOf":{"@id":"https:\/\/flamengi.cat\/#website"},"datePublished":"2024-06-25T13:29:31+00:00","dateModified":"2026-09-01T12:02:59+00:00","breadcrumb":{"@id":"https:\/\/flamengi.cat\/#breadcrumb"},"inLanguage":"es","potentialAction":[{"@type":"ReadAction","target":["https:\/\/flamengi.cat\/"]}]},{"@type":"BreadcrumbList","@id":"https:\/\/flamengi.cat\/#breadcrumb","itemListElement":[{"@type":"ListItem","position":1,"name":"Inici","item":"https:\/\/flamengi.cat\/"},{"@type":"ListItem","position":2,"name":"Programa"}]},{"@type":"WebSite","@id":"https:\/\/flamengi.cat\/#website","url":"https:\/\/flamengi.cat\/","name":"FLAMENGI FESTIVAL","description":"Festival Flamenc de Girona","potentialAction":[{"@type":"SearchAction","target":{"@type":"EntryPoint","urlTemplate":"https:\/\/flamengi.cat\/?s={search_term_string}"},"query-input":{"@type":"PropertyValueSpecification","valueRequired":true,"valueName":"search_term_string"}}],"inLanguage":"es"}]}},"_links":{"self":[{"href":"https:\/\/flamengi.cat\/es\/wp-json\/wp\/v2\/pages\/1585","targetHints":{"allow":["GET"]}}],"collection":[{"href":"https:\/\/flamengi.cat\/es\/wp-json\/wp\/v2\/pages"}],"about":[{"href":"https:\/\/flamengi.cat\/es\/wp-json\/wp\/v2\/types\/page"}],"author":[{"embeddable":true,"href":"https:\/\/flamengi.cat\/es\/wp-json\/wp\/v2\/users\/4"}],"replies":[{"embeddable":true,"href":"https:\/\/flamengi.cat\/es\/wp-json\/wp\/v2\/comments?post=1585"}],"version-history":[{"count":106,"href":"https:\/\/flamengi.cat\/es\/wp-json\/wp\/v2\/pages\/1585\/revisions"}],"predecessor-version":[{"id":2982,"href":"https:\/\/flamengi.cat\/es\/wp-json\/wp\/v2\/pages\/1585\/revisions\/2982"}],"wp:attachment":[{"href":"https:\/\/flamengi.cat\/es\/wp-json\/wp\/v2\/media?parent=1585"}],"curies":[{"name":"wp","href":"https:\/\/api.w.org\/{rel}","templated":true}]}}